{"id":2031,"date":"2024-11-29T18:47:22","date_gmt":"2024-11-29T18:47:22","guid":{"rendered":"https:\/\/daltec.ch\/?post_type=product&#038;p=2031"},"modified":"2025-08-28T13:24:36","modified_gmt":"2025-08-28T13:24:36","slug":"vz-midi-basic","status":"publish","type":"product","link":"https:\/\/daltec.ch\/de\/product\/vz-midi-basic","title":{"rendered":"Daltec VZ Midi Basic, 2500x1500x2000 mm, 1300 Kg"},"content":{"rendered":"<p><strong>Serienausstattung:<\/strong><\/p>\n<ul>\n<li>1 gebremste Achse KNOTT<\/li>\n<li>Sandwichw\u00e4nde (Glanzlaminat \u2013 XPS \u2013 Mattlaminat)<\/li>\n<li>Boden aus wasserfestem Multiplex-Schichtholz, bedeckt mit hochabriebfestem PVC-Bodenbelag<\/li>\n<li>Rahmen \u2013 feuerverzinkter Stahl<\/li>\n<li>Eingangst\u00fcr auf der Anh\u00e4ngerseite, abschlie\u00dfbar<\/li>\n<li>Gro\u00dfe Verkaufsklappe an der Seitenwand<\/li>\n<li>St\u00fctzrad mit Klemme<\/li>\n<li>2 verstellbare St\u00fctzen<\/li>\n<li>Kurbel f\u00fcr die St\u00fctzen<\/li>\n<li>Radkappen<\/li>\n<\/ul>\n","protected":false},"excerpt":{"rendered":"<h5><em>Preis: Siehe Preisliste auf Startseite<\/em><\/h5>\n<p>Gebremster Arbeitstransporter, sehr robust<\/p>\n<h5>Technische Daten:<\/h5>\n<table class=\"table\">\n<tbody>\n<tr>\n<th>L\u00e4nge<\/th>\n<td>2500 <small>mm<\/small><\/td>\n<\/tr>\n<tr>\n<th>Breite<\/th>\n<td>1500<small>mm<\/small><\/td>\n<\/tr>\n<tr>\n<th>H\u00f6he<\/th>\n<td>2000 <small>mm<\/small><\/td>\n<\/tr>\n<tr>\n<th>Achsen<\/th>\n<td>1 <small><\/small><\/td>\n<\/tr>\n<tr>\n<th>Gesamtgewicht<\/th>\n<td>1300 <small>kg<\/small><\/td>\n<\/tr>\n<tr>\n<th>Nutzlast<\/th>\n<td>730 kg<\/td>\n<\/tr>\n<tr>\n<th>R\u00e4der<\/th>\n<td>165\/70 R 13 <small><\/small><\/td>\n<\/tr>\n<\/tbody>\n<\/table>\n<h4>Optionen:<\/h4>\n<table>\n<tbody>\n<tr>\n<td><\/td>\n<td><\/td>\n<\/tr>\n<tr>\n<td><\/td>\n<td><\/td>\n<\/tr>\n<tr>\n<td><\/td>\n<td><\/td>\n<\/tr>\n<tr>\n<td>St\u00fctzfuss mit Halter (Paar)<\/td>\n<td>100 CHF<\/td>\n<\/tr>\n<\/tbody>\n<\/table>\n","protected":false},"featured_media":2197,"comment_status":"open","ping_status":"closed","template":"","meta":{"_acf_changed":false,"rs_blank_template":"","rs_page_bg_color":"","slide_template_v7":""},"product_brand":[],"product_cat":[31],"product_tag":[],"class_list":["post-2031","product","type-product","status-publish","has-post-thumbnail","product_cat-verkaufsfanhaenger","first","instock","featured","shipping-taxable","purchasable","product-type-simple"],"acf":[],"_links":{"self":[{"href":"https:\/\/daltec.ch\/de\/wp-json\/wp\/v2\/product\/2031","targetHints":{"allow":["GET"]}}],"collection":[{"href":"https:\/\/daltec.ch\/de\/wp-json\/wp\/v2\/product"}],"about":[{"href":"https:\/\/daltec.ch\/de\/wp-json\/wp\/v2\/types\/product"}],"replies":[{"embeddable":true,"href":"https:\/\/daltec.ch\/de\/wp-json\/wp\/v2\/comments?post=2031"}],"wp:featuredmedia":[{"embeddable":true,"href":"https:\/\/daltec.ch\/de\/wp-json\/wp\/v2\/media\/2197"}],"wp:attachment":[{"href":"https:\/\/daltec.ch\/de\/wp-json\/wp\/v2\/media?parent=2031"}],"wp:term":[{"taxonomy":"product_brand","embeddable":true,"href":"https:\/\/daltec.ch\/de\/wp-json\/wp\/v2\/product_brand?post=2031"},{"taxonomy":"product_cat","embeddable":true,"href":"https:\/\/daltec.ch\/de\/wp-json\/wp\/v2\/product_cat?post=2031"},{"taxonomy":"product_tag","embeddable":true,"href":"https:\/\/daltec.ch\/de\/wp-json\/wp\/v2\/product_tag?post=2031"}],"curies":[{"name":"wp","href":"https:\/\/api.w.org\/{rel}","templated":true}]}}